{"id":29,"date":"2021-02-03T15:43:47","date_gmt":"2021-02-03T14:43:47","guid":{"rendered":"http:\/\/www.ideji.be\/asbl2021\/?page_id=29"},"modified":"2026-02-24T12:12:22","modified_gmt":"2026-02-24T11:12:22","slug":"programme","status":"publish","type":"page","link":"https:\/\/www.ideji.be\/asbl2021\/programme\/","title":{"rendered":"Programme"},"content":{"rendered":"<p>[et_pb_section fb_built=\u00a0\u00bb1&Prime; _builder_version=\u00a0\u00bb4.8.2&Prime; _module_preset=\u00a0\u00bbdefault\u00a0\u00bb background_color=\u00a0\u00bbRGBA(0,0,0,0)\u00a0\u00bb background_image=\u00a0\u00bbhttps:\/\/www.ideji.be\/asbl2021\/wp-content\/uploads\/2021\/02\/bg-formation.png\u00a0\u00bb background_size=\u00a0\u00bbcontain\u00a0\u00bb background_position=\u00a0\u00bbcenter_left\u00a0\u00bb min_height=\u00a0\u00bb295.1px\u00a0\u00bb height=\u00a0\u00bb100%\u00a0\u00bb][et_pb_row _builder_version=\u00a0\u00bb4.8.2&Prime; _module_preset=\u00a0\u00bbdefault\u00a0\u00bb custom_margin=\u00a0\u00bb||0%||false|false\u00a0\u00bb][et_pb_column type=\u00a0\u00bb4_4&Prime; _builder_version=\u00a0\u00bb4.8.2&Prime; _module_preset=\u00a0\u00bbdefault\u00a0\u00bb][et_pb_blurb title=\u00a0\u00bbNotre catalogue de formations\u00a0\u00bb image=\u00a0\u00bbhttps:\/\/www.ideji.be\/asbl2021\/wp-content\/uploads\/2021\/02\/rectangle-vert-e1613473769621.png\u00a0\u00bb icon_placement=\u00a0\u00bbleft\u00a0\u00bb image_max_width=\u00a0\u00bb65%\u00a0\u00bb content_max_width=\u00a0\u00bb564px\u00a0\u00bb content_max_width_tablet=\u00a0\u00bb\u00a0\u00bb content_max_width_phone=\u00a0\u00bb303px\u00a0\u00bb content_max_width_last_edited=\u00a0\u00bbon|phone\u00a0\u00bb _builder_version=\u00a0\u00bb4.8.2&Prime; _module_preset=\u00a0\u00bbdefault\u00a0\u00bb header_level=\u00a0\u00bbh1&Prime; header_text_align=\u00a0\u00bbcenter\u00a0\u00bb header_text_color=\u00a0\u00bb#035D6D\u00a0\u00bb header_font_size=\u00a0\u00bb32px\u00a0\u00bb body_text_align=\u00a0\u00bbcenter\u00a0\u00bb body_text_color=\u00a0\u00bb#000000&Prime; body_font_size=\u00a0\u00bb1px\u00a0\u00bb module_alignment=\u00a0\u00bbcenter\u00a0\u00bb custom_padding=\u00a0\u00bb0px|0px|0px|0px|true|false\u00a0\u00bb header_font_size_tablet=\u00a0\u00bb\u00a0\u00bb header_font_size_phone=\u00a0\u00bb\u00a0\u00bb header_font_size_last_edited=\u00a0\u00bbon|desktop\u00a0\u00bb custom_css_blurb_title=\u00a0\u00bbmargin-top:3px\u00a0\u00bb][\/et_pb_blurb][et_pb_code _builder_version=\u00a0\u00bb4.8.2&Prime; _module_preset=\u00a0\u00bbdefault\u00a0\u00bb]<\/p>\n<style> <!-- [et_pb_line_break_holder] -->  .show-testimonial {<!-- [et_pb_line_break_holder] -->visibility: visible !important;<!-- [et_pb_line_break_holder] -->opacity: 1 !important;<!-- [et_pb_line_break_holder] -->top: 0 !important;<!-- [et_pb_line_break_holder] -->}<!-- [et_pb_line_break_holder] --><!-- [et_pb_line_break_holder] -->button {<!-- [et_pb_line_break_holder] -->  transition-duration: 0.4s;<!-- [et_pb_line_break_holder] -->}<!-- [et_pb_line_break_holder] --><!-- [et_pb_line_break_holder] -->button:hover {<!-- [et_pb_line_break_holder] -->  background-color: #4CAF50; \/* Green *\/<!-- [et_pb_line_break_holder] -->  color: white;<!-- [et_pb_line_break_holder] -->}<!-- [et_pb_line_break_holder] -->.testimonial-active {<!-- [et_pb_line_break_holder] -->transform: translateX(10%);<!-- [et_pb_line_break_holder] -->}<!-- [et_pb_line_break_holder] --> <!-- [et_pb_line_break_holder] -->[id*=\"testimonial-person\"]{<!-- [et_pb_line_break_holder] -->-webkit-transition: all 0.5s ease;<!-- [et_pb_line_break_holder] -->-moz-transition: all 0.5s ease;<!-- [et_pb_line_break_holder] -->-o-transition: all 0.5s ease;<!-- [et_pb_line_break_holder] -->-ms-transition: all 0.5s ease;<!-- [et_pb_line_break_holder] -->transition: all 0.5s ease;<!-- [et_pb_line_break_holder] --> <!-- [et_pb_line_break_holder] -->cursor: context-menu;<!-- [et_pb_line_break_holder] -->}<!-- [et_pb_line_break_holder] --> <!-- [et_pb_line_break_holder] -->[id*=\"testimonial-copy\"] {<!-- [et_pb_line_break_holder] -->-webkit-transition: all 0.3s ease;<!-- [et_pb_line_break_holder] -->-moz-transition: all 0.3s ease;<!-- [et_pb_line_break_holder] -->-o-transition: all 0.3s ease;<!-- [et_pb_line_break_holder] -->-ms-transition: all 0.3s ease;<!-- [et_pb_line_break_holder] -->transition: all 0.3s ease;<!-- [et_pb_line_break_holder] --> <!-- [et_pb_line_break_holder] -->position: absolute!important;<!-- [et_pb_line_break_holder] -->top: -100px;<!-- [et_pb_line_break_holder] -->bottom: auto;<!-- [et_pb_line_break_holder] -->left: 0;<!-- [et_pb_line_break_holder] -->right: auto;<!-- [et_pb_line_break_holder] --> <!-- [et_pb_line_break_holder] -->visibility: hidden;<!-- [et_pb_line_break_holder] -->opacity: 0;<!-- [et_pb_line_break_holder] -->}<!-- [et_pb_line_break_holder] --><\/style>\n<p><!-- [et_pb_line_break_holder] --><script> <!-- [et_pb_line_break_holder] -->  jQuery(function($){<!-- [et_pb_line_break_holder] -->$(document).ready(function(){<!-- [et_pb_line_break_holder] --> <!-- [et_pb_line_break_holder] -->$('#testimonial-person-1').addClass('testimonial-active');<!-- [et_pb_line_break_holder] --> <!-- [et_pb_line_break_holder] -->$('[id*=\"testimonial-person\"]').click(function() {<!-- [et_pb_line_break_holder] --> <!-- [et_pb_line_break_holder] -->var $selector = $(this).attr('id').replace('person', 'copy');<!-- [et_pb_line_break_holder] -->var $testimonial = $('#' + $selector);<!-- [et_pb_line_break_holder] --> <!-- [et_pb_line_break_holder] -->$('[id*=\"testimonial-copy\"]').removeClass('show-testimonial');<!-- [et_pb_line_break_holder] -->$testimonial.addClass('show-testimonial');<!-- [et_pb_line_break_holder] --> <!-- [et_pb_line_break_holder] -->$('[id*=\"testimonial-person\"]').removeClass('testimonial-active');<!-- [et_pb_line_break_holder] -->$(this).addClass('testimonial-active');<!-- [et_pb_line_break_holder] --> <!-- [et_pb_line_break_holder] -->});<!-- [et_pb_line_break_holder] --> <!-- [et_pb_line_break_holder] -->});<!-- [et_pb_line_break_holder] -->});<!-- [et_pb_line_break_holder] --><\/script>[\/et_pb_code][\/et_pb_column][\/et_pb_row][et_pb_row column_structure=\u00a0\u00bb2_5,3_5&Prime; make_equal=\u00a0\u00bbon\u00a0\u00bb _builder_version=\u00a0\u00bb4.8.2&Prime; _module_preset=\u00a0\u00bbdefault\u00a0\u00bb width=\u00a0\u00bb87%\u00a0\u00bb max_width=\u00a0\u00bb1269px\u00a0\u00bb module_alignment=\u00a0\u00bbcenter\u00a0\u00bb min_height_last_edited=\u00a0\u00bboff|desktop\u00a0\u00bb height=\u00a0\u00bb142.8%\u00a0\u00bb height_tablet=\u00a0\u00bb1077px\u00a0\u00bb height_phone=\u00a0\u00bb1077px\u00a0\u00bb height_last_edited=\u00a0\u00bboff|desktop\u00a0\u00bb custom_css_main_element=\u00a0\u00bbposition:relative;\u00a0\u00bb][et_pb_column type=\u00a0\u00bb2_5&Prime; _builder_version=\u00a0\u00bb4.8.2&Prime; _module_preset=\u00a0\u00bbdefault\u00a0\u00bb][et_pb_blurb title=\u00a0\u00bbComptabilit\u00e9 et finances\u00a0\u00bb image=\u00a0\u00bbhttps:\/\/www.ideji.be\/asbl2021\/wp-content\/uploads\/2021\/03\/formation-finance-1.png\u00a0\u00bb icon_placement=\u00a0\u00bbleft\u00a0\u00bb module_id=\u00a0\u00bbtestimonial-person-1&Prime; _builder_version=\u00a0\u00bb4.8.2&Prime; _module_preset=\u00a0\u00bbdefault\u00a0\u00bb background_color=\u00a0\u00bb#ffffff\u00a0\u00bb custom_margin=\u00a0\u00bb||||true|true\u00a0\u00bb custom_padding=\u00a0\u00bb5%|5%|5%|5%|true|true\u00a0\u00bb animation=\u00a0\u00bboff\u00a0\u00bb custom_css_blurb_image=\u00a0\u00bbwidth: 25% !important;\u00a0\u00bb custom_css_blurb_title=\u00a0\u00bb ||margin-top: 25px;\u00a0\u00bb box_shadow_style=\u00a0\u00bbpreset2&Prime;][\/et_pb_blurb][et_pb_blurb title=\u00a0\u00bbRessources Humaines\u00a0\u00bb image=\u00a0\u00bbhttps:\/\/www.ideji.be\/asbl2021\/wp-content\/uploads\/2021\/03\/rh-2.png\u00a0\u00bb icon_placement=\u00a0\u00bbleft\u00a0\u00bb module_id=\u00a0\u00bbtestimonial-person-2&Prime; _builder_version=\u00a0\u00bb4.8.2&Prime; _module_preset=\u00a0\u00bbdefault\u00a0\u00bb background_color=\u00a0\u00bb#ffffff\u00a0\u00bb custom_margin=\u00a0\u00bb||||true|true\u00a0\u00bb custom_padding=\u00a0\u00bb5%|5%|5%|5%|true|true\u00a0\u00bb animation=\u00a0\u00bboff\u00a0\u00bb custom_css_blurb_image=\u00a0\u00bbwidth: 25% !important;\u00a0\u00bb custom_css_blurb_title=\u00a0\u00bb ||margin-top: 25px;\u00a0\u00bb box_shadow_style=\u00a0\u00bbpreset2&Prime;][\/et_pb_blurb][et_pb_blurb title=\u00a0\u00bbJuridique et administratif\u00a0\u00bb image=\u00a0\u00bbhttps:\/\/www.ideji.be\/asbl2021\/wp-content\/uploads\/2021\/03\/juridique-1.png\u00a0\u00bb icon_placement=\u00a0\u00bbleft\u00a0\u00bb module_id=\u00a0\u00bbtestimonial-person-3&Prime; _builder_version=\u00a0\u00bb4.8.2&Prime; _module_preset=\u00a0\u00bbdefault\u00a0\u00bb background_color=\u00a0\u00bb#ffffff\u00a0\u00bb custom_margin=\u00a0\u00bb||||true|true\u00a0\u00bb custom_padding=\u00a0\u00bb5%|5%|5%|5%|true|true\u00a0\u00bb animation=\u00a0\u00bboff\u00a0\u00bb custom_css_blurb_image=\u00a0\u00bbwidth: 25% !important;\u00a0\u00bb custom_css_blurb_title=\u00a0\u00bb ||margin-top: 25px;\u00a0\u00bb box_shadow_style=\u00a0\u00bbpreset2&Prime;][\/et_pb_blurb][et_pb_blurb title=\u00a0\u00bbCommunication\u00a0\u00bb image=\u00a0\u00bbhttps:\/\/www.ideji.be\/asbl2021\/wp-content\/uploads\/2021\/03\/comm-4.png\u00a0\u00bb icon_placement=\u00a0\u00bbleft\u00a0\u00bb module_id=\u00a0\u00bbtestimonial-person-4&Prime; _builder_version=\u00a0\u00bb4.8.2&Prime; _module_preset=\u00a0\u00bbdefault\u00a0\u00bb background_color=\u00a0\u00bb#ffffff\u00a0\u00bb custom_margin=\u00a0\u00bb0px||auto||false|true\u00a0\u00bb custom_margin_tablet=\u00a0\u00bb||39px||false|true\u00a0\u00bb custom_margin_phone=\u00a0\u00bb\u00a0\u00bb custom_margin_last_edited=\u00a0\u00bbon|tablet\u00a0\u00bb custom_padding=\u00a0\u00bb5%|5%|5%|5%|true|true\u00a0\u00bb animation=\u00a0\u00bboff\u00a0\u00bb custom_css_blurb_image=\u00a0\u00bbwidth: 25% !important;\u00a0\u00bb custom_css_blurb_title=\u00a0\u00bb ||margin-top: 25px;\u00a0\u00bb box_shadow_style=\u00a0\u00bbpreset2&Prime;][\/et_pb_blurb][\/et_pb_column][et_pb_column type=\u00a0\u00bb3_5&Prime; _builder_version=\u00a0\u00bb4.8.2&Prime; _module_preset=\u00a0\u00bbdefault\u00a0\u00bb][et_pb_accordion admin_label=\u00a0\u00bbCompta Accord\u00e9on\u00a0\u00bb module_id=\u00a0\u00bbtestimonial-copy-1&Prime; module_class=\u00a0\u00bbshow-testimonial\u00a0\u00bb _builder_version=\u00a0\u00bb4.8.2&Prime; _module_preset=\u00a0\u00bbdefault\u00a0\u00bb background_color=\u00a0\u00bb#FFFFFF\u00a0\u00bb z_index=\u00a0\u00bb70&Prime; custom_margin=\u00a0\u00bb0%||1%||false|false\u00a0\u00bb custom_padding=\u00a0\u00bb1%||1%||true|false\u00a0\u00bb custom_css_main_element=\u00a0\u00bbdisplay:block;||position:relative;\u00a0\u00bb][et_pb_accordion_item title=\u00a0\u00bbComprendre le fonctionnement de la comptabilit\u00e9 en partie double &#8211; #G\u00e9rer #Consolider\u00a0\u00bb open=\u00a0\u00bbon\u00a0\u00bb _builder_version=\u00a0\u00bb4.8.2&Prime; _module_preset=\u00a0\u00bbdefault\u00a0\u00bb custom_margin=\u00a0\u00bb||0px||false|false\u00a0\u00bb toggle_letter_spacing=\u00a0\u00bb0px\u00a0\u00bb toggle_line_height=\u00a0\u00bb1.5em\u00a0\u00bb toggle_line_height_tablet=\u00a0\u00bb\u00a0\u00bb toggle_line_height_phone=\u00a0\u00bb1em\u00a0\u00bb toggle_line_height_last_edited=\u00a0\u00bbon|tablet\u00a0\u00bb]<\/p>\n<p><span style=\"font-weight: 400;\">La gestion financi\u00e8re est une des facettes de la gestion d\u2019une association qui peut vous aider \u00e0 piloter votre projet associatif. La formation partira de l\u2019exp\u00e9rience des participants qui seront invit\u00e9s \u00e0 apporter les comptes de leur ASBL.<br \/>\n<\/span><\/p>\n<p><a href=\"https:\/\/www.ideji.be\/asbl2021\/2021\/03\/04\/comprendre-le-fonctionnement-de-la-comptabilite-en-partie-double\/\"><span style=\"font-weight: 400;\">En savoir plus et s&rsquo;inscrire &gt;<\/span><\/a><\/p>\n<p>[\/et_pb_accordion_item][et_pb_accordion_item title=\u00a0\u00bbConstruire le budget de votre ASBL &#8211; #Cr\u00e9er #G\u00e9rer\u00a0\u00bb _builder_version=\u00a0\u00bb4.8.2&Prime; _module_preset=\u00a0\u00bbdefault\u00a0\u00bb custom_margin=\u00a0\u00bb||0px||false|false\u00a0\u00bb open=\u00a0\u00bboff\u00a0\u00bb]<\/p>\n<p><span style=\"font-weight: 400;\">Le budget, bien plus qu\u2019une obligation l\u00e9gale est un outil\u00a0<\/span><span style=\"font-weight: 400;\">pr\u00e9cieux pour la gestion de votre ASBL. A partir de la strat\u00e9gie\u00a0<\/span><span style=\"font-weight: 400;\">de votre ASBL et de la mani\u00e8re dont elle va mettre en \u0153uvre\u00a0<\/span><span style=\"font-weight: 400;\">ses relations avec les parties prenantes : usagers, assembl\u00e9e\u00a0<\/span><span style=\"font-weight: 400;\">g\u00e9n\u00e9rale, conseil d\u2019administration, pouvoirs publics,<\/span><span style=\"font-weight: 400;\">volontaires, donateurs,..\u00a0<\/span><\/p>\n<p><span style=\"font-weight: 400;\">La formation partira des outils d\u00e9velopp\u00e9s par les participants\u00a0<\/span><span style=\"font-weight: 400;\">qui seront invit\u00e9s \u00e0 apporter les outils budg\u00e9taires qu&rsquo;ils\u00a0<\/span><span style=\"font-weight: 400;\">utilisent.<\/span><\/p>\n<p><a href=\"https:\/\/www.ideji.be\/asbl2021\/2021\/03\/01\/construire-le-budget-de-votre-asbl\/\"><span style=\"font-weight: 400;\">En savoir plus et s&rsquo;inscrire &gt;<\/span><\/a><\/p>\n<p>[\/et_pb_accordion_item][et_pb_accordion_item title=\u00a0\u00bbEntreprendre une recherche de financements efficace &#8211; #Cr\u00e9er #G\u00e9rer\u00a0\u00bb _builder_version=\u00a0\u00bb4.8.2&Prime; _module_preset=\u00a0\u00bbdefault\u00a0\u00bb custom_margin=\u00a0\u00bb||0px||false|false\u00a0\u00bb open=\u00a0\u00bboff\u00a0\u00bb]<\/p>\n<p><span style=\"font-weight: 400;\">Tour d&rsquo;horizon des pistes de financements et strat\u00e9gie de communication.<\/span><\/p>\n<p><span style=\"font-weight: 400;\">L\u2019objectif de cette formation est de pr\u00e9senter les diff\u00e9rentes sources de financements possibles et de mettre \u00e0 disposition des participants les outils n\u00e9cessaires \u00e0 la promotion de votre projet. Vous acquerrez les cl\u00e9s pour r\u00e9diger une demande de subsides et r\u00e9pondre \u00e0 un appel \u00e0 projet.\u00a0<\/span><\/p>\n<p><a href=\"https:\/\/www.ideji.be\/asbl2021\/2021\/03\/04\/entreprendre-une-recherche-de-financements-efficace\/\"><span style=\"font-weight: 400;\">En savoir plus et s&rsquo;inscrire &gt;<\/span><\/a><\/p>\n<p>[\/et_pb_accordion_item][et_pb_accordion_item title=\u00a0\u00bb\u00c9tablir la comptabilit\u00e9 simplifi\u00e9e de votre ASBL &#8211; #G\u00e9rer\u00a0\u00bb _builder_version=\u00a0\u00bb4.8.2&Prime; _module_preset=\u00a0\u00bbdefault\u00a0\u00bb body_font=\u00a0\u00bb|300|||||||\u00a0\u00bb custom_margin=\u00a0\u00bb0px||0px||true|false\u00a0\u00bb open=\u00a0\u00bboff\u00a0\u00bb]<\/p>\n<p><span style=\"font-weight: 400;\">En-dessous d\u2019une certaine taille, les ASBL peuvent tenir une comptabilit\u00e9 dite \u00ab\u00a0simplifi\u00e9e\u00a0\u00bb et d\u00e9poser leurs comptes au greffe du tribunal de l&rsquo;entreprise plut\u00f4t qu\u2019\u00e0 la Banque nationale de Belgique (BNB).<\/span><\/p>\n<p><span style=\"font-weight: 400;\">\u00a0A l\u2019issue de cette formation, vous serez capable de pr\u00e9parer sous format Excel tous les documents n\u00e9cessaires \u00e0 l\u2019approbation annuelle des comptes, leur d\u00e9p\u00f4t au greffe du Tribunal de l&rsquo;entreprise et la pr\u00e9paration de la d\u00e9claration \u00e0 l\u2019imp\u00f4t des personnes morales (IPM).<\/span><\/p>\n<p><a href=\"https:\/\/www.ideji.be\/asbl2021\/2021\/03\/04\/etablir-la-comptabilite-simplifiee-de-votre-asbl\/\">En savoir plus et s&rsquo;inscrire &gt;<\/a><\/p>\n<p>[\/et_pb_accordion_item][et_pb_accordion_item title=\u00a0\u00bbLa TVA applicable aux ASBL &#8211; #G\u00e9rer\u00a0\u00bb _builder_version=\u00a0\u00bb4.8.2&Prime; _module_preset=\u00a0\u00bbdefault\u00a0\u00bb body_font=\u00a0\u00bb|300|||||||\u00a0\u00bb custom_margin=\u00a0\u00bb0%||0%||false|false\u00a0\u00bb open=\u00a0\u00bboff\u00a0\u00bb]<\/p>\n<p><span style=\"font-weight: 400;\">Cette formation a pour objectif de comprendre les bases de la tva applicable aux ASBL, de connaitre les formalit\u00e9s administratives comme les diff\u00e9rents formulaires TVA, les listings clients. Elle vous permettra de savoir quels sont les impacts directs et indirects qui y sont li\u00e9s, notamment au niveau de votre comptabilit\u00e9.<\/span><\/p>\n<p><a href=\"https:\/\/www.ideji.be\/asbl2021\/2021\/03\/04\/la-tva-applicable-aux-asbl\/\">En savoir plus et s&rsquo;inscrire &gt;<\/a><\/p>\n<p>[\/et_pb_accordion_item][\/et_pb_accordion][et_pb_accordion admin_label=\u00a0\u00bbRH Accord\u00e9on\u00a0\u00bb module_id=\u00a0\u00bbtestimonial-copy-2&Prime; module_class=\u00a0\u00bbshow-testimonial dt-closed-accordion\u00a0\u00bb _builder_version=\u00a0\u00bb4.8.2&Prime; _module_preset=\u00a0\u00bbdefault\u00a0\u00bb background_color=\u00a0\u00bb#FFFFFF\u00a0\u00bb z_index=\u00a0\u00bb0&Prime; custom_margin=\u00a0\u00bb1%||1%||true|false\u00a0\u00bb custom_padding=\u00a0\u00bb1%||1%||true|false\u00a0\u00bb custom_css_main_element=\u00a0\u00bbdisplay:block;||position:relative;\u00a0\u00bb][et_pb_accordion_item title=\u00a0\u00bb\u00catre responsable d&rsquo;une association ou d&rsquo;un service &#8211; #G\u00e9rer #Consolider\u00a0\u00bb open=\u00a0\u00bbon\u00a0\u00bb _builder_version=\u00a0\u00bb4.8.2&Prime; _module_preset=\u00a0\u00bbdefault\u00a0\u00bb body_font=\u00a0\u00bb|300|||||||\u00a0\u00bb custom_margin=\u00a0\u00bb||0px||false|false\u00a0\u00bb]<\/p>\n<p><span style=\"font-weight: 400;\">Nombreux sont les professionnels qui se retrouvent \u00e0 la t\u00eate de structures ou de services sans y avoir \u00e9t\u00e9 pr\u00e9par\u00e9s. Assurer la direction d\u2019une \u00e9quipe sans avoir eu les codes au niveau de la gestion administrative, financi\u00e8re ou de ressources humaines n\u2019est pas ais\u00e9. La formation se veut interactive et bas\u00e9e sur l\u2019exp\u00e9rience (succ\u00e8s et difficult\u00e9s) des participants. Elle donne des outils de gestion d\u2019\u00e9quipe et dresse les comp\u00e9tences attendues du coordinateur.<\/span><\/p>\n<p><a href=\"https:\/\/www.ideji.be\/asbl2021\/2021\/03\/04\/etre-responsable-dune-association-ou-dun-service\/\">En savoir plus et s&rsquo;inscrire &gt;<\/a><\/p>\n<p>[\/et_pb_accordion_item][et_pb_accordion_item title=\u00a0\u00bbLa r\u00e9glementation du travail appliqu\u00e9e \u00e0 votre ASBL &#8211; #G\u00e9rer\u00a0\u00bb _builder_version=\u00a0\u00bb4.8.2&Prime; _module_preset=\u00a0\u00bbdefault\u00a0\u00bb body_font=\u00a0\u00bb|300|||||||\u00a0\u00bb custom_margin=\u00a0\u00bb0px||0px||false|false\u00a0\u00bb open=\u00a0\u00bboff\u00a0\u00bb]<\/p>\n<p>La r\u00e8glementation du travail est une mati\u00e8re vaste et \u00e9volutive, mais dont la connaissance et la mise en \u0153uvre sont obligatoires pour toute ASBL qui engage des travailleurs. Le r\u00e8glement de travail est un outil central de la r\u00e8glementation du travail au sein de toute structure. Bien r\u00e9dig\u00e9 et avec de bonnes cl\u00e9s, il devient un outil de clart\u00e9 et un gage de bonnes relations professionnelles entre travailleurs et employeur.<\/p>\n<p><a href=\"https:\/\/www.ideji.be\/asbl2021\/2021\/03\/04\/la-reglementation-du-travail-appliquee-a-votre-asbl\/\">En savoir plus et s&rsquo;inscrire &gt;<\/a><\/p>\n<p>[\/et_pb_accordion_item][et_pb_accordion_item title=\u00a0\u00bbG\u00e9rer les contrats de travail au sein de votre ASBL &#8211; #G\u00e9rer\u00a0\u00bb _builder_version=\u00a0\u00bb4.8.2&Prime; _module_preset=\u00a0\u00bbdefault\u00a0\u00bb body_font=\u00a0\u00bb|300|||||||\u00a0\u00bb custom_margin=\u00a0\u00bb0px||0px||true|false\u00a0\u00bb open=\u00a0\u00bboff\u00a0\u00bb]<\/p>\n<p>Votre projet est port\u00e9 par des personnes qui y consacrent du temps, des comp\u00e9tences et de l\u2019\u00e9nergie. In\u00e9vitablement, se pose la question de la mani\u00e8re dont votre association et ces personnes entendent structurer juridiquement cette relation : contrat de travail ! Comment le r\u00e9diger, quelles sont les diff\u00e9rentes formes de contrats (\u00e0 dur\u00e9e ind\u00e9termin\u00e9e, d\u00e9termin\u00e9e, de remplacement\u2026) et quelles sont les obligations pour l\u2019employeur et le travailleur.<\/p>\n<p><a href=\"https:\/\/www.ideji.be\/asbl2021\/2021\/03\/04\/gerer-les-contrats-de-travail\/\">En savoir plus et s&rsquo;inscrire &gt;<\/a><\/p>\n<p>[\/et_pb_accordion_item][et_pb_accordion_item title=\u00a0\u00bbLa r\u00e9gulation d&rsquo;\u00e9quipe : g\u00e9rer les processus relationnels &#8211; #G\u00e9rer #Consolider \u00a0\u00bb _builder_version=\u00a0\u00bb4.8.2&Prime; _module_preset=\u00a0\u00bbdefault\u00a0\u00bb body_font=\u00a0\u00bb|300|||||||\u00a0\u00bb custom_margin=\u00a0\u00bb0px||0px||true|false\u00a0\u00bb open=\u00a0\u00bboff\u00a0\u00bb]<\/p>\n<p>Etablir des relations de travail de qualite\u0301 ne repose pas que sur la bonne volonte\u0301 des uns et des autres mais sur des fonctionnements individuels et collectifs que des dispositifs particuliers favorisent. Cette formation propose de les de\u0301couvrir ainsi que les mode\u0300les qui les expliquent.<\/p>\n<p><a href=\"https:\/\/www.ideji.be\/asbl2021\/2023\/03\/20\/developper-des-relations-de-travail-de-qualite\/\">En savoir plus et s&rsquo;inscrire &gt;<\/a><\/p>\n<p>[\/et_pb_accordion_item][et_pb_accordion_item title=\u00a0\u00bbLa gestion d\u2019\u00e9quipe : Diriger et motiver ses \u00e9quipes &#8211; #G\u00e9rer #Consolider\u00a0\u00bb _builder_version=\u00a0\u00bb4.8.2&Prime; _module_preset=\u00a0\u00bbdefault\u00a0\u00bb body_font=\u00a0\u00bb|300|||||||\u00a0\u00bb custom_margin=\u00a0\u00bb0px||0px||true|false\u00a0\u00bb open=\u00a0\u00bboff\u00a0\u00bb]<\/p>\n<p>Nos associations sont compos\u00e9es de personnes aux personnalit\u00e9s diverses et vari\u00e9es qu\u2019il faut pouvoir coordonner pour mener \u00e0 bien les activit\u00e9s de la structure. Il est, d\u00e8s lors, important d\u2019optimaliser sa gestion d\u2019\u00e9quipe.<\/p>\n<p><a href=\"https:\/\/www.ideji.be\/asbl2021\/2023\/03\/23\/la-gestion-dequipe-diriger-et-motiver-ses-equipes\/\">En savoir plus et s&rsquo;inscrire &gt;<\/a><\/p>\n<p>[\/et_pb_accordion_item][\/et_pb_accordion][et_pb_accordion admin_label=\u00a0\u00bbJuridique Accord\u00e9on\u00a0\u00bb module_id=\u00a0\u00bbtestimonial-copy-3&Prime; module_class=\u00a0\u00bbshow-testimonial dt-closed-accordion\u00a0\u00bb _builder_version=\u00a0\u00bb4.8.2&Prime; _module_preset=\u00a0\u00bbdefault\u00a0\u00bb background_color=\u00a0\u00bb#FFFFFF\u00a0\u00bb z_index=\u00a0\u00bb50&Prime; custom_margin=\u00a0\u00bb1%||1%||true|false\u00a0\u00bb custom_padding=\u00a0\u00bb1%||1%||true|false\u00a0\u00bb hover_enabled=\u00a0\u00bb0&Prime; custom_css_main_element=\u00a0\u00bbdisplay:block;||position:relative;\u00a0\u00bb sticky_enabled=\u00a0\u00bb0&Prime;][et_pb_accordion_item title=\u00a0\u00bbASBL : Fonctionnement et obligations &#8211; #Cr\u00e9er\u00a0\u00bb open=\u00a0\u00bbon\u00a0\u00bb _builder_version=\u00a0\u00bb4.8.2&Prime; _module_preset=\u00a0\u00bbdefault\u00a0\u00bb custom_margin=\u00a0\u00bb||0px||false|false\u00a0\u00bb]<\/p>\n<p><span style=\"font-weight: 400;\">Vous souhaitez cr\u00e9er une ASBL pour mettre en place un projet qui vous tient \u00e0 c\u0153ur ? ideji organise une s\u00e9ance de deux heures \u00e0 l\u2019attention des porteurs de projets. Nous vous expliquons le fonctionnement de base et les obligations li\u00e9es \u00e0 une association.<\/span><\/p>\n<p><a href=\"https:\/\/www.ideji.be\/asbl2021\/2021\/03\/01\/asbl-fonctionnement-et-obligations\/\"><span style=\"font-weight: 400;\">En savoir plus et s&rsquo;inscrire &gt;<\/span><\/a><\/p>\n<p>[\/et_pb_accordion_item][et_pb_accordion_item title=\u00a0\u00bb\u00catre membre ou administrateur au sein de votre ASBL &#8211; #G\u00e9rer #Consolider\u00a0\u00bb _builder_version=\u00a0\u00bb4.8.2&Prime; _module_preset=\u00a0\u00bbdefault\u00a0\u00bb body_font=\u00a0\u00bb|300|||||||\u00a0\u00bb custom_margin=\u00a0\u00bb||0px||false|false\u00a0\u00bb open=\u00a0\u00bboff\u00a0\u00bb]<\/p>\n<p><span style=\"font-weight: 400;\">Peu de gens occupant les fonctions de membre, d\u2019administrateur ou de d\u00e9l\u00e9gu\u00e9 \u00e0 la gestion journali\u00e8re connaissent l\u2019\u00e9tendue r\u00e9elle des responsabilit\u00e9s qui leur incombent.\u00a0<\/span><\/p>\n<p><span style=\"font-weight: 400;\">Tous sont tenus \u00e0 plusieurs obligations l\u00e9gales, dont celle d\u2019agir dans l\u2019int\u00e9r\u00eat de la personne morale avec prudence et diligence. La responsabilit\u00e9 peut m\u00eame r\u00e9sulter de leur inaction\u2026<\/span><\/p>\n<p><span style=\"font-weight: 400;\">Une formation \u00e0 suivre absolument et \u00e0 mettre directement en application !<\/span><\/p>\n<p><a href=\"https:\/\/www.ideji.be\/asbl2021\/2021\/03\/04\/etre-membre-ou-administrateur-au-sein-de-votre-asbl\/\"><span style=\"font-weight: 400;\">En savoir plus et s&rsquo;inscrire &gt;<\/span><\/a><\/p>\n<p>[\/et_pb_accordion_item][et_pb_accordion_item title=\u00a0\u00bbLa nouvelle loi des ASBL &#8211; #G\u00e9rer\u00a0\u00bb _builder_version=\u00a0\u00bb4.8.2&Prime; _module_preset=\u00a0\u00bbdefault\u00a0\u00bb body_font=\u00a0\u00bb|300|||||||\u00a0\u00bb custom_margin=\u00a0\u00bb||0px||false|false\u00a0\u00bb custom_padding_last_edited=\u00a0\u00bboff|desktop\u00a0\u00bb custom_padding__hover_enabled=\u00a0\u00bboff|desktop\u00a0\u00bb open=\u00a0\u00bboff\u00a0\u00bb]<\/p>\n<p><span style=\"font-weight: 400;\">Vous vous demandez ce que vous devez faire depuis l\u2019entr\u00e9e des ASBL dans le Code des Entreprises et des Associations? ideji vous accompagne en organisant une formation. Nous vous expliquons les changements administratifs et juridiques ainsi que les implications comptables et fiscales. Quand devez-vous modifier vos statuts ? Comment les modifier ? Qu\u2019est-ce que cela change dans la vie de votre ASBL ? Autant de questions et bien d&rsquo;autres qui trouveront leurs r\u00e9ponses lors de cette formation.<\/span><\/p>\n<p><a href=\"https:\/\/www.ideji.be\/asbl2021\/2021\/03\/04\/la-nouvelle-loi-des-asbl\/\">En savoir plus et s&rsquo;inscrire &gt;<\/a><\/p>\n<p>[\/et_pb_accordion_item][et_pb_accordion_item title=\u00a0\u00bbLes statuts de votre ASBL &#8211; #Cr\u00e9er #G\u00e9rer\u00a0\u00bb _builder_version=\u00a0\u00bb4.8.2&Prime; _module_preset=\u00a0\u00bbdefault\u00a0\u00bb custom_margin=\u00a0\u00bb0px||0px||false|false\u00a0\u00bb open=\u00a0\u00bboff\u00a0\u00bb]<\/p>\n<p><span style=\"font-weight: 400;\">Apr\u00e8s la d\u00e9finition et l\u2019\u00e9tude de faisabilit\u00e9 de votre projet, la r\u00e9daction des statuts est l\u2019une des premi\u00e8res \u00e9tapes de la cr\u00e9ation d\u2019une ASBL. Les statuts, v\u00e9ritable outil de fonctionnement, doivent \u00eatre suffisamment clairs pour vous permettre de comprendre comment elle doit fonctionner mais aussi r\u00e9pondre \u00e0 ses obligations annuelles.<\/span><\/p>\n<p><a href=\"https:\/\/www.ideji.be\/asbl2021\/2021\/03\/04\/les-statuts-de-votre-asbl\/\"><span style=\"font-weight: 400;\">En savoir plus et s&rsquo;inscrire &gt;<\/span><\/a><\/p>\n<p>[\/et_pb_accordion_item][et_pb_accordion_item title=\u00a0\u00bbMa\u00eetriser le fonctionnement de votre ASBL &#8211; #G\u00e9rer #Consolider\u00a0\u00bb _builder_version=\u00a0\u00bb4.8.2&Prime; _module_preset=\u00a0\u00bbdefault\u00a0\u00bb body_font=\u00a0\u00bb|300|||||||\u00a0\u00bb custom_margin=\u00a0\u00bb0px||0px||false|false\u00a0\u00bb open=\u00a0\u00bboff\u00a0\u00bb]<\/p>\n<p><span style=\"font-weight: 400;\">Passer de la th\u00e9orie \u00e0 la pratique, tel est l\u2019objectif de cette formation qui aborde les questions de la vie d\u2019une l\u2019ASBL via l\u2019\u00e9tude de ses deux principaux organes de gestion : le conseil d\u2019administration (CA) et l\u2019assembl\u00e9e g\u00e9n\u00e9rale (AG).\u00a0<\/span><\/p>\n<p><span style=\"font-weight: 400;\">Pouvoirs, proc\u00e9dures, modes de convocation, quorums, votes, proc\u00e8s-verbaux, publications, seront abord\u00e9s en une journ\u00e9e pour aller au bout des choses.<\/span><\/p>\n<p><a href=\"https:\/\/www.ideji.be\/asbl2021\/2021\/03\/04\/maitriser-le-fonctionnement-de-votre-asbl\/\"><span style=\"font-weight: 400;\">En savoir plus et s&rsquo;inscrire &gt;<\/span><\/a><\/p>\n<p>[\/et_pb_accordion_item][et_pb_accordion_item title=\u00a0\u00bbInt\u00e9grer la protection des donn\u00e9es au c\u0153ur de votre vie associative &#8211; #G\u00e9rer\u00a0\u00bb _builder_version=\u00a0\u00bb4.8.2&Prime; _module_preset=\u00a0\u00bbdefault\u00a0\u00bb body_font=\u00a0\u00bb|300|||||||\u00a0\u00bb custom_margin=\u00a0\u00bb0px||0px||false|false\u00a0\u00bb open=\u00a0\u00bboff\u00a0\u00bb]<\/p>\n<p>Cette formation a pour objet l\u2019int\u00e9gration de la protection des donn\u00e9es au c\u0153ur de votre m\u00e9tier. Elle vous permettra de vous familiariser avec le langage sp\u00e9cifique de la protection des donn\u00e9es.<\/p>\n<p>Vous vous demandez ce que vous devez faire depuis la loi du 25 mars 2018 qui introduit un nouveau r\u00e8glement de protection des donn\u00e9es et vous vous sentez perdu ? D\u00e9couvrez notre formation !<\/p>\n<p><a href=\"https:\/\/www.ideji.be\/asbl2021\/2024\/02\/08\/integrez-la-protection-des-donnees-au-coeur-de-votre-vie-associative\/\"><span style=\"font-weight: 400;\">En savoir plus et s&rsquo;inscrire &gt;<\/span><\/a><\/p>\n<p>[\/et_pb_accordion_item][et_pb_accordion_item title=\u00a0\u00bb Comprendre les march\u00e9s publics #Cr\u00e9er #G\u00e9rer\u00a0\u00bb _builder_version=\u00a0\u00bb4.8.2&Prime; _module_preset=\u00a0\u00bbdefault\u00a0\u00bb body_font=\u00a0\u00bb|300|||||||\u00a0\u00bb custom_margin=\u00a0\u00bb0px||0px||false|false\u00a0\u00bb hover_enabled=\u00a0\u00bb0&Prime; open=\u00a0\u00bboff\u00a0\u00bb sticky_enabled=\u00a0\u00bb0&Prime;]<\/p>\n<p>La plupart des charg\u00e9s de projets travaillant au sein de structures associatives se retrouvent tant\u00f4t \u00e0 devoirs r\u00e9pondre \u00e0 des appels d\u2019offres dans le cadre d\u2019un march\u00e9 publics ou en pr\u00e9voir une mise en concurrence. Or la r\u00e9glementation des march\u00e9s publics a la r\u00e9putation d\u2019\u00eatre lourde, longue et complexe et de ce fait, d\u00e9courage souvent les personnes qui y sont confront\u00e9es.<\/p>\n<p><a href=\"https:\/\/www.ideji.be\/asbl2021\/2024\/12\/25\/comprendre-les-marches-publics\/\"><span style=\"font-weight: 400;\">En savoir plus et s&rsquo;inscrire &gt;<\/span><\/a><\/p>\n<p>[\/et_pb_accordion_item][\/et_pb_accordion][et_pb_accordion admin_label=\u00a0\u00bbComm Accord\u00e9on\u00a0\u00bb module_id=\u00a0\u00bbtestimonial-copy-4&Prime; module_class=\u00a0\u00bbshow-testimonial dt-closed-accordion\u00a0\u00bb _builder_version=\u00a0\u00bb4.8.2&Prime; _module_preset=\u00a0\u00bbdefault\u00a0\u00bb background_color=\u00a0\u00bb#FFFFFF\u00a0\u00bb z_index=\u00a0\u00bb40&Prime; custom_margin=\u00a0\u00bb0%||0%||true|false\u00a0\u00bb custom_padding=\u00a0\u00bb1%||1%||true|false\u00a0\u00bb custom_css_main_element=\u00a0\u00bbdisplay:block;||position:relative;\u00a0\u00bb][et_pb_accordion_item title=\u00a0\u00bbG\u00e9rer la communication de votre ASBL sur les r\u00e9seaux sociaux &#8211; #Consolider\u00a0\u00bb open=\u00a0\u00bbon\u00a0\u00bb _builder_version=\u00a0\u00bb4.8.2&Prime; _module_preset=\u00a0\u00bbdefault\u00a0\u00bb custom_margin=\u00a0\u00bb||0px||false|false\u00a0\u00bb]<\/p>\n<p><span style=\"font-weight: 400;\">Outils, applications, r\u00e9seaux et programmes se multiplient sur cette toile virtuelle&#8230; Vous vous demandez comment les utiliser de mani\u00e8re efficace ? Comment communiquer via tous ces canaux ? Cette formation a pour but de proposer un panorama des outils web et des r\u00e9seaux sociaux, d\u2019\u00e9tablir sa strat\u00e9gie en fonction des besoins et des moyens, de choisir ses canaux de communication.<\/span><\/p>\n<p><a href=\"https:\/\/www.ideji.be\/asbl2021\/2021\/03\/04\/communiquer-efficacement-sur-internet\/\"><span style=\"font-weight: 400;\">En savoir plus et s&rsquo;inscrire &gt;<\/span><\/a><\/p>\n<p>[\/et_pb_accordion_item][et_pb_accordion_item title=\u00a0\u00bbPr\u00e9parer et concevoir le site internet de votre ASBL &#8211; #Consolider\u00a0\u00bb _builder_version=\u00a0\u00bb4.8.2&Prime; _module_preset=\u00a0\u00bbdefault\u00a0\u00bb custom_margin=\u00a0\u00bb0px||0px||false|false\u00a0\u00bb open=\u00a0\u00bboff\u00a0\u00bb]<\/p>\n<p>Apprenez \u00e0 concevoir et g\u00e9rer un site internet professionnel avec Odoo, une solution intuitive et compl\u00e8te pour r\u00e9pondre aux besoins des ASBL, ind\u00e9pendants ou petites entreprises. Cette formation vous guidera dans chaque \u00e9tape de cr\u00e9ation, depuis la structuration du contenu jusqu\u2019\u00e0 la mise en ligne d\u2019un site s\u00e9curis\u00e9 et optimis\u00e9 pour le r\u00e9f\u00e9rencement.<\/p>\n<p>Cette formation s\u2019adresse aux personnes souhaitant cr\u00e9er et g\u00e9rer un site internet professionnel, sans connaissances pr\u00e9alables en programmation.<\/p>\n<p><a href=\"https:\/\/www.ideji.be\/asbl2021\/2021\/03\/04\/preparer-et-concevoir-le-site-internet-de-votre-asbl\/\"><span style=\"font-weight: 400;\">En savoir plus et s&rsquo;inscrire &gt;<\/span><\/a><\/p>\n<p>[\/et_pb_accordion_item][et_pb_accordion_item title=\u00a0\u00bbG\u00e9rer efficacement vos projets &#8211; #Consolider\u00a0\u00bb _builder_version=\u00a0\u00bb4.8.2&Prime; _module_preset=\u00a0\u00bbdefault\u00a0\u00bb custom_margin=\u00a0\u00bb0px||0px||false|false\u00a0\u00bb link_option_url=\u00a0\u00bbhttps:\/\/www.ideji.be\/asbl2021\/?p=239779&amp;et_fb=1&amp;PageSpeed=off\u00a0\u00bb open=\u00a0\u00bboff\u00a0\u00bb]<\/p>\n<p><span style=\"font-weight: 400;\">Vous \u00eates amen\u00e9 \u00e0 r\u00e9aliser des projets ? Quel que soit le domaine, il est important d&rsquo;acqu\u00e9rir des outils et des conseils qui vous permettront de mener \u00e0 bien vos projets. Tel est l&rsquo;objectif de cette formation de deux journ\u00e9es.\u00a0<\/span><\/p>\n<p><a href=\"https:\/\/www.ideji.be\/asbl2021\/2022\/02\/10\/gerer-efficacement-les-projets-de-votre-organisme\/\"><span style=\"font-weight: 400;\">En savoir plus et s&rsquo;inscrire &gt;<\/span><\/a><\/p>\n<p>[\/et_pb_accordion_item][et_pb_accordion_item title=\u00a0\u00bbIA &#8211; L\u2019intelligence artificielle : Comment l\u2019utiliser dans mon ASBL ?\u00a0\u00bb _builder_version=\u00a0\u00bb4.8.2&Prime; _module_preset=\u00a0\u00bbdefault\u00a0\u00bb custom_margin=\u00a0\u00bb0px||0px||false|false\u00a0\u00bb open=\u00a0\u00bboff\u00a0\u00bb]<\/p>\n<p><span style=\"font-weight: 400;\"> Vous entendez parler de l\u2019IA dans les actualit\u00e9s, mais vous ne savez pas ce que c\u2019est, ni comment l\u2019appliquer au sein de votre ASBL. Vous avez certaines peurs face \u00e0 cette nouvelle technologie.<br \/>\nNotre formateur vous donnera les cl\u00e9s pour mieux appr\u00e9hender ce nouveau concept.<br \/>\n<\/span><\/p>\n<p><a href=\"https:\/\/www.ideji.be\/asbl2021\/2024\/12\/25\/ia-lintelligence-artificielle-comment-lutiliser-dans-mon-asbl\/\"><span style=\"font-weight: 400;\">En savoir plus et s&rsquo;inscrire &gt;<\/span><\/a><\/p>\n<p>[\/et_pb_accordion_item][\/et_pb_accordion][\/et_pb_column][\/et_pb_row][\/et_pb_section]<\/p>\n","protected":false},"excerpt":{"rendered":"<p>[et_pb_section fb_built=\u00a0\u00bb1&Prime; _builder_version=\u00a0\u00bb4.8.2&Prime; _module_preset=\u00a0\u00bbdefault\u00a0\u00bb background_color=\u00a0\u00bbRGBA(0,0,0,0)\u00a0\u00bb background_image=\u00a0\u00bbhttps:\/\/www.ideji.be\/asbl2021\/wp-content\/uploads\/2021\/02\/bg-formation.png\u00a0\u00bb background_size=\u00a0\u00bbcontain\u00a0\u00bb background_position=\u00a0\u00bbcenter_left\u00a0\u00bb min_height=\u00a0\u00bb295.1px\u00a0\u00bb height=\u00a0\u00bb100%\u00a0\u00bb][et_pb_row _builder_version=\u00a0\u00bb4.8.2&Prime; _module_preset=\u00a0\u00bbdefault\u00a0\u00bb custom_margin=\u00a0\u00bb||0%||false|false\u00a0\u00bb][et_pb_column type=\u00a0\u00bb4_4&Prime; _builder_version=\u00a0\u00bb4.8.2&Prime; _module_preset=\u00a0\u00bbdefault\u00a0\u00bb][et_pb_blurb title=\u00a0\u00bbNotre catalogue de formations\u00a0\u00bb image=\u00a0\u00bbhttps:\/\/www.ideji.be\/asbl2021\/wp-content\/uploads\/2021\/02\/rectangle-vert-e1613473769621.png\u00a0\u00bb icon_placement=\u00a0\u00bbleft\u00a0\u00bb image_max_width=\u00a0\u00bb65%\u00a0\u00bb content_max_width=\u00a0\u00bb564px\u00a0\u00bb content_max_width_tablet=\u00a0\u00bb\u00a0\u00bb content_max_width_phone=\u00a0\u00bb303px\u00a0\u00bb content_max_width_last_edited=\u00a0\u00bbon|phone\u00a0\u00bb _builder_version=\u00a0\u00bb4.8.2&Prime; _module_preset=\u00a0\u00bbdefault\u00a0\u00bb header_level=\u00a0\u00bbh1&Prime; header_text_align=\u00a0\u00bbcenter\u00a0\u00bb header_text_color=\u00a0\u00bb#035D6D\u00a0\u00bb header_font_size=\u00a0\u00bb32px\u00a0\u00bb body_text_align=\u00a0\u00bbcenter\u00a0\u00bb body_text_color=\u00a0\u00bb#000000&Prime; body_font_size=\u00a0\u00bb1px\u00a0\u00bb module_alignment=\u00a0\u00bbcenter\u00a0\u00bb custom_padding=\u00a0\u00bb0px|0px|0px|0px|true|false\u00a0\u00bb header_font_size_tablet=\u00a0\u00bb\u00a0\u00bb header_font_size_phone=\u00a0\u00bb\u00a0\u00bb header_font_size_last_edited=\u00a0\u00bbon|desktop\u00a0\u00bb custom_css_blurb_title=\u00a0\u00bbmargin-top:3px\u00a0\u00bb][\/et_pb_blurb][et_pb_code _builder_version=\u00a0\u00bb4.8.2&Prime; _module_preset=\u00a0\u00bbdefault\u00a0\u00bb] [\/et_pb_code][\/et_pb_column][\/et_pb_row][et_pb_row column_structure=\u00a0\u00bb2_5,3_5&Prime; make_equal=\u00a0\u00bbon\u00a0\u00bb _builder_version=\u00a0\u00bb4.8.2&Prime; _module_preset=\u00a0\u00bbdefault\u00a0\u00bb width=\u00a0\u00bb87%\u00a0\u00bb max_width=\u00a0\u00bb1269px\u00a0\u00bb module_alignment=\u00a0\u00bbcenter\u00a0\u00bb min_height_last_edited=\u00a0\u00bboff|desktop\u00a0\u00bb height=\u00a0\u00bb142.8%\u00a0\u00bb height_tablet=\u00a0\u00bb1077px\u00a0\u00bb [&hellip;]<\/p>\n","protected":false},"author":1,"featured_media":0,"parent":0,"menu_order":0,"comment_status":"closed","ping_status":"closed","template":"","meta":{"_et_pb_use_builder":"on","_et_pb_old_content":"","_et_gb_content_width":"","footnotes":""},"class_list":["post-29","page","type-page","status-publish","hentry"],"_links":{"self":[{"href":"https:\/\/www.ideji.be\/asbl2021\/wp-json\/wp\/v2\/pages\/29","targetHints":{"allow":["GET"]}}],"collection":[{"href":"https:\/\/www.ideji.be\/asbl2021\/wp-json\/wp\/v2\/pages"}],"about":[{"href":"https:\/\/www.ideji.be\/asbl2021\/wp-json\/wp\/v2\/types\/page"}],"author":[{"embeddable":true,"href":"https:\/\/www.ideji.be\/asbl2021\/wp-json\/wp\/v2\/users\/1"}],"replies":[{"embeddable":true,"href":"https:\/\/www.ideji.be\/asbl2021\/wp-json\/wp\/v2\/comments?post=29"}],"version-history":[{"count":170,"href":"https:\/\/www.ideji.be\/asbl2021\/wp-json\/wp\/v2\/pages\/29\/revisions"}],"predecessor-version":[{"id":240727,"href":"https:\/\/www.ideji.be\/asbl2021\/wp-json\/wp\/v2\/pages\/29\/revisions\/240727"}],"wp:attachment":[{"href":"https:\/\/www.ideji.be\/asbl2021\/wp-json\/wp\/v2\/media?parent=29"}],"curies":[{"name":"wp","href":"https:\/\/api.w.org\/{rel}","templated":true}]}}